{"id":1512,"date":"2020-05-27T01:29:04","date_gmt":"2020-05-27T01:29:04","guid":{"rendered":"https:\/\/www.hariduskeskus.ee\/international\/?page_id=1512"},"modified":"2022-06-07T06:43:17","modified_gmt":"2022-06-07T06:43:17","slug":"tootajate-opiranne","status":"publish","type":"page","link":"https:\/\/www.hariduskeskus.ee\/rahvusvaheline\/tootajate-opiranne\/","title":{"rendered":"T\u00f6\u00f6tajate \u00f5pir\u00e4nne"},"content":{"rendered":"\t\t<div data-elementor-type=\"wp-page\" data-elementor-id=\"1512\" class=\"elementor elementor-1512\">\n\t\t\t\t\t\t<section class=\"penci-section penci-disSticky penci-structure-10 elementor-section elementor-top-section elementor-element elementor-element-6b850dd elementor-section-boxed elementor-section-height-default elementor-section-height-default\" data-id=\"6b850dd\" data-element_type=\"section\" data-e-type=\"section\">\n\t\t\t\t\t\t<div class=\"elementor-container elementor-column-gap-default\">\n\t\t\t\t\t<div class=\"penci-ercol-100 penci-ercol-order-1 penci-sticky-ct    elementor-column elementor-col-100 elementor-top-column elementor-element elementor-element-db726a3\" data-id=\"db726a3\" data-element_type=\"column\" data-e-type=\"column\">\n\t\t\t<div class=\"elementor-widget-wrap elementor-element-populated\">\n\t\t\t\t\t\t<div class=\"elementor-element elementor-element-caa954f elementor-widget elementor-widget-penci-popular-posts\" data-id=\"caa954f\" data-element_type=\"widget\" data-e-type=\"widget\" data-widget_type=\"penci-popular-posts.default\">\n\t\t\t\t<div class=\"elementor-widget-container\">\n\t\t\t\t\t            <div id=\"pencipopular_posts_3163\" class=\"penci-popular-posts-sc\">\n                <div class=\"penci-home-popular-posts use-heading-default\">\n\t\t\t\t\t\n                    <div class=\"swiper penci-owl-carousel penci-owl-carousel-slider penci-related-carousel penci-home-popular-post\"                         data-lazy=\"true\" data-item=\"4\" data-desktop=\"4\"\n                         data-tablet=\"3\" data-tabsmall=\"2\" data-auto=\"false\" data-speed=\"300\"\n                         data-dots=\"true\" data-nav=\"false\">\n                        <div class=\"swiper-wrapper\">\n\t\t\t\t\t\t\t                                <div class=\"item-related swiper-slide\">\n                                    <div class=\"item-related-inner\">\n\t\t\t\t\t\t\t\t\t\t\t\t\t\t\t\t\t\t\t\t\t\n                                            <a  data-bgset=\"https:\/\/www.hariduskeskus.ee\/rahvusvaheline\/wp-content\/uploads\/2026\/04\/BELONGtoEU_Logo_1-585x390.png\"                                                    class=\"penci-lazy related-thumb penci-image-holder penci-lazy\"\n                                                    href=\"https:\/\/www.hariduskeskus.ee\/rahvusvaheline\/belongtoeu\/\"\n                                                    title=\"BELONGtoEU \u2013 Euroopa \u00f5piv\u00f5imaluste ja koost\u00f6\u00f6v\u00f5rgustike loomine kutsehariduse arendamiseks\">\n\n\t\t\t\t\t\t\t\t\t\t\t\t\n\t\t\t\t\t\t\t\t\t\t\t\t                                            <\/a>\n\t\t\t\t\t\t\t\t\t\t\n                                        <h3><a title=\"BELONGtoEU \u2013 Euroopa \u00f5piv\u00f5imaluste ja koost\u00f6\u00f6v\u00f5rgustike loomine kutsehariduse arendamiseks\"\n                                               href=\"https:\/\/www.hariduskeskus.ee\/rahvusvaheline\/belongtoeu\/\">BELONGtoEU \u2013 Euroopa \u00f5piv\u00f5imaluste ja koost\u00f6\u00f6v\u00f5rgustike loomine kutsehariduse arendamiseks<\/a>\n                                        <\/h3>\n\t\t\t\t\t\t\t\t\t\t                                            <span class=\"date\"><time class=\"entry-date published\" datetime=\"2026-04-28T10:40:27+00:00\">April 28, 2026<\/time><\/span>\n\t\t\t\t\t\t\t\t\t\t                                    <\/div>\n                                <\/div>\n\t\t\t\t\t\t\t                                <div class=\"item-related swiper-slide\">\n                                    <div class=\"item-related-inner\">\n\t\t\t\t\t\t\t\t\t\t\t\t\t\t\t\t\t\t\t\t\t\n                                            <a  data-bgset=\"https:\/\/www.hariduskeskus.ee\/rahvusvaheline\/wp-content\/uploads\/2026\/02\/Edumob-585x390.jpg\"                                                    class=\"penci-lazy related-thumb penci-image-holder penci-lazy\"\n                                                    href=\"https:\/\/www.hariduskeskus.ee\/rahvusvaheline\/edumobility-2-0-bridging-vet-education-and-next-gen-autonomous-vehicles\/\"\n                                                    title=\"EduMobility 2.0: Bridging VET education and next-gen autonomous vehicles\">\n\n\t\t\t\t\t\t\t\t\t\t\t\t\n\t\t\t\t\t\t\t\t\t\t\t\t                                            <\/a>\n\t\t\t\t\t\t\t\t\t\t\n                                        <h3><a title=\"EduMobility 2.0: Bridging VET education and next-gen autonomous vehicles\"\n                                               href=\"https:\/\/www.hariduskeskus.ee\/rahvusvaheline\/edumobility-2-0-bridging-vet-education-and-next-gen-autonomous-vehicles\/\">EduMobility 2.0: Bridging VET education and next-gen autonomous vehicles<\/a>\n                                        <\/h3>\n\t\t\t\t\t\t\t\t\t\t                                            <span class=\"date\"><time class=\"entry-date published\" datetime=\"2026-02-25T11:33:09+00:00\">February 25, 2026<\/time><\/span>\n\t\t\t\t\t\t\t\t\t\t                                    <\/div>\n                                <\/div>\n\t\t\t\t\t\t\t                                <div class=\"item-related swiper-slide\">\n                                    <div class=\"item-related-inner\">\n\t\t\t\t\t\t\t\t\t\t\t\t\t\t\t\t\t\t\t\t\t\n                                            <a  data-bgset=\"https:\/\/www.hariduskeskus.ee\/rahvusvaheline\/wp-content\/uploads\/2025\/04\/PKHK-logo-1-512x390.png\"                                                    class=\"penci-lazy related-thumb penci-image-holder penci-lazy\"\n                                                    href=\"https:\/\/www.hariduskeskus.ee\/rahvusvaheline\/international-week-registration\/\"\n                                                    title=\"International Week from 9th of March until 13th of March 2026 registration is now OPEN!\">\n\n\t\t\t\t\t\t\t\t\t\t\t\t\n\t\t\t\t\t\t\t\t\t\t\t\t                                            <\/a>\n\t\t\t\t\t\t\t\t\t\t\n                                        <h3><a title=\"International Week from 9th of March until 13th of March 2026 registration is now OPEN!\"\n                                               href=\"https:\/\/www.hariduskeskus.ee\/rahvusvaheline\/international-week-registration\/\">International Week from 9th of March until 13th of March...<\/a>\n                                        <\/h3>\n\t\t\t\t\t\t\t\t\t\t                                            <span class=\"date\"><time class=\"entry-date published\" datetime=\"2025-09-05T08:36:43+00:00\">September 5, 2025<\/time><\/span>\n\t\t\t\t\t\t\t\t\t\t                                    <\/div>\n                                <\/div>\n\t\t\t\t\t\t\t                                <div class=\"item-related swiper-slide\">\n                                    <div class=\"item-related-inner\">\n\t\t\t\t\t\t\t\t\t\t\t\t\t\t\t\t\t\t\t\t\t\n                                            <a  data-bgset=\"https:\/\/www.hariduskeskus.ee\/rahvusvaheline\/wp-content\/uploads\/2025\/05\/947c8503-2d8f-4449-b554-f53bacba34e9-e1746207161265-585x390.jpg\"                                                    class=\"penci-lazy related-thumb penci-image-holder penci-lazy\"\n                                                    href=\"https:\/\/www.hariduskeskus.ee\/rahvusvaheline\/hollandi-eesti-kokanduse-meistriklass-parnumaa-kutsehariduskeskuses-toi-uue-maitseelamuse\/\"\n                                                    title=\"Hollandi-Eesti kokanduse meistriklass P\u00e4rnumaa Kutsehariduskeskuses t\u00f5i uued teadmised ja maitseelamused\">\n\n\t\t\t\t\t\t\t\t\t\t\t\t\n\t\t\t\t\t\t\t\t\t\t\t\t                                            <\/a>\n\t\t\t\t\t\t\t\t\t\t\n                                        <h3><a title=\"Hollandi-Eesti kokanduse meistriklass P\u00e4rnumaa Kutsehariduskeskuses t\u00f5i uued teadmised ja maitseelamused\"\n                                               href=\"https:\/\/www.hariduskeskus.ee\/rahvusvaheline\/hollandi-eesti-kokanduse-meistriklass-parnumaa-kutsehariduskeskuses-toi-uue-maitseelamuse\/\">Hollandi-Eesti kokanduse meistriklass P\u00e4rnumaa Kutsehariduskeskuses t\u00f5i uued teadmised ja maitseelamused<\/a>\n                                        <\/h3>\n\t\t\t\t\t\t\t\t\t\t                                            <span class=\"date\"><time class=\"entry-date published\" datetime=\"2025-05-02T13:56:47+00:00\">May 2, 2025<\/time><\/span>\n\t\t\t\t\t\t\t\t\t\t                                    <\/div>\n                                <\/div>\n\t\t\t\t\t\t\t                                <div class=\"item-related swiper-slide\">\n                                    <div class=\"item-related-inner\">\n\t\t\t\t\t\t\t\t\t\t\t\t\t\t\t\t\t\t\t\t\t\n                                            <a  data-bgset=\"https:\/\/www.hariduskeskus.ee\/rahvusvaheline\/wp-content\/uploads\/2025\/04\/Opiranne-ootab-470x390.png\"                                                    class=\"penci-lazy related-thumb penci-image-holder penci-lazy\"\n                                                    href=\"https:\/\/www.hariduskeskus.ee\/rahvusvaheline\/kandideeri-erasmus-opirandesse-kuni-11-maini\/\"\n                                                    title=\"Kandideeri Erasmus+ \u00f5pir\u00e4ndesse kuni 11. maini!\">\n\n\t\t\t\t\t\t\t\t\t\t\t\t\n\t\t\t\t\t\t\t\t\t\t\t\t                                            <\/a>\n\t\t\t\t\t\t\t\t\t\t\n                                        <h3><a title=\"Kandideeri Erasmus+ \u00f5pir\u00e4ndesse kuni 11. maini!\"\n                                               href=\"https:\/\/www.hariduskeskus.ee\/rahvusvaheline\/kandideeri-erasmus-opirandesse-kuni-11-maini\/\">Kandideeri Erasmus+ \u00f5pir\u00e4ndesse kuni 11. maini!<\/a>\n                                        <\/h3>\n\t\t\t\t\t\t\t\t\t\t                                            <span class=\"date\"><time class=\"entry-date published\" datetime=\"2025-04-17T08:30:24+00:00\">April 17, 2025<\/time><\/span>\n\t\t\t\t\t\t\t\t\t\t                                    <\/div>\n                                <\/div>\n\t\t\t\t\t\t\t                                <div class=\"item-related swiper-slide\">\n                                    <div class=\"item-related-inner\">\n\t\t\t\t\t\t\t\t\t\t\t\t\t\t\t\t\t\t\t\t\t\n                                            <a  data-bgset=\"https:\/\/www.hariduskeskus.ee\/rahvusvaheline\/wp-content\/uploads\/2025\/04\/PXL_20250320_132643726.MP_-585x390.jpg\"                                                    class=\"penci-lazy related-thumb penci-image-holder penci-lazy\"\n                                                    href=\"https:\/\/www.hariduskeskus.ee\/rahvusvaheline\/belgia-pagarikunst-joudis-parnusse-jelle-de-groofi-meistriklass\/\"\n                                                    title=\"Belgia pagarikunst j\u00f5udis P\u00e4rnusse: Jelle De Groofi meistriklass\">\n\n\t\t\t\t\t\t\t\t\t\t\t\t\n\t\t\t\t\t\t\t\t\t\t\t\t                                            <\/a>\n\t\t\t\t\t\t\t\t\t\t\n                                        <h3><a title=\"Belgia pagarikunst j\u00f5udis P\u00e4rnusse: Jelle De Groofi meistriklass\"\n                                               href=\"https:\/\/www.hariduskeskus.ee\/rahvusvaheline\/belgia-pagarikunst-joudis-parnusse-jelle-de-groofi-meistriklass\/\">Belgia pagarikunst j\u00f5udis P\u00e4rnusse: Jelle De Groofi meistriklass<\/a>\n                                        <\/h3>\n\t\t\t\t\t\t\t\t\t\t                                            <span class=\"date\"><time class=\"entry-date published\" datetime=\"2025-04-08T09:57:30+00:00\">April 8, 2025<\/time><\/span>\n\t\t\t\t\t\t\t\t\t\t                                    <\/div>\n                                <\/div>\n\t\t\t\t\t\t\t                        <\/div>\n                    <\/div>\n                <\/div>\n            <\/div><!-- penci-popular_posts-sc -->\n\t\t\t\t\t\t\t<\/div>\n\t\t\t\t<\/div>\n\t\t\t\t\t<\/div>\n\t\t<\/div>\n\t\t\t\t\t<\/div>\n\t\t<\/section>\n\t\t\t\t<section class=\"penci-section penci-disSticky penci-structure-20 elementor-section elementor-top-section elementor-element elementor-element-a3435a2 elementor-section-boxed elementor-section-height-default elementor-section-height-default\" data-id=\"a3435a2\" data-element_type=\"section\" data-e-type=\"section\">\n\t\t\t\t\t\t<div class=\"elementor-container elementor-column-gap-default\">\n\t\t\t\t\t<div class=\"penci-ercol-50 penci-ercol-order-1 penci-sticky-ct    elementor-column elementor-col-50 elementor-top-column elementor-element elementor-element-e896f53\" data-id=\"e896f53\" data-element_type=\"column\" data-e-type=\"column\">\n\t\t\t<div class=\"elementor-widget-wrap elementor-element-populated\">\n\t\t\t\t\t\t<div class=\"elementor-element elementor-element-aa0dd46 elementor-widget elementor-widget-heading\" data-id=\"aa0dd46\" data-element_type=\"widget\" data-e-type=\"widget\" data-widget_type=\"heading.default\">\n\t\t\t\t<div class=\"elementor-widget-container\">\n\t\t\t\t\t<h2 class=\"elementor-heading-title elementor-size-default\">Kutseharidust\u00f6\u00f6tajate \u00f5pir\u00e4nne<\/h2>\t\t\t\t<\/div>\n\t\t\t\t<\/div>\n\t\t\t\t<div class=\"elementor-element elementor-element-1642ccb elementor-widget elementor-widget-text-editor\" data-id=\"1642ccb\" data-element_type=\"widget\" data-e-type=\"widget\" data-widget_type=\"text-editor.default\">\n\t\t\t\t<div class=\"elementor-widget-container\">\n\t\t\t\t\t\t\t\t\t<p>Erasmus+ programm on Euroopa Liidu hariduse, koolituse, noorte ja spordi toetusprogramm. Programmi raames on v\u00f5imalik P\u00e4rnumaa Kutsehariduskeskuse t\u00f6\u00f6tajatel professionaalse arengu toetamiseks osaleda rahvusvahelisel eneset\u00e4iendamisel. <br \/>P\u00e4rnumaa Kutsehariduskeskuse haridust\u00f6\u00f6tajate eelistatavad tegevused on erialane praktika (sta\u017eeerimine v\u00e4lisriigi ettev\u00f5ttes), tunni andmine v\u00e4lisriigi kutse\u00f5ppeasutuses kuid kokkuleppel ja t\u00f6\u00f6taja arenguvajadustest tulenevalt on v\u00f5imalik ka t\u00f6\u00f6varjutamine. Lisaks ametialasele arengule on \u00f5pir\u00e4ndes osalemine suurep\u00e4rane viis v\u00f5\u00f5rkeelte praktiseerimiseks, oma silmaringi laiendamiseks, teiste maade hariduss\u00fcsteemiga tutvumiseks ning uute rahvusvaheliste erialaste tutvuste leidmiseks.<br \/>P\u00e4rnumaa Kutsehariduskeskuse t\u00f6\u00f6tajate \u00f5pir\u00e4nde kestus on reeglina \u00fcks n\u00e4dal.<\/p><p><strong>Haridust\u00f6\u00f6tajate \u00f5pir\u00e4nde eesm\u00e4rkideks on;<\/strong><br \/>&#8211; edendada koost\u00f6\u00f6d ja kogemustevahetust nii programmis osalevate riikide kutseharidusasutuste kui t\u00f6\u00f6maailma esindajate vahel;<br \/>&#8211; t\u00e4iendada, s\u00fcvendada, kinnistada ja arendada \u00f5pir\u00e4ndes osalejate kutse- ja ametialaseid teadmisi, oskuseid ja kompetentse ning tagada nende vastavus Eesti ja Euroopa t\u00f6\u00f6turu vajadustele;<br \/>&#8211; toetada t\u00f6\u00f6tajate professionaalset arengut ja seel\u00e4bi \u00f5ppet\u00f6\u00f6 kvaliteeti.<\/p><p>Lisaks sellele, et meie haridust\u00f6\u00f6tajatel on v\u00f5imalik k\u00e4ia end rahvusvaheliselt t\u00e4iendamas, kutsume Erasmus+ programmi toel v\u00e4lisriigi spetsialiste ka oma kooli \u00f5petama.<\/p>\t\t\t\t\t\t\t\t<\/div>\n\t\t\t\t<\/div>\n\t\t\t\t\t<\/div>\n\t\t<\/div>\n\t\t\t\t<div class=\"penci-ercol-50 penci-ercol-order-2 penci-sticky-ct    elementor-column elementor-col-50 elementor-top-column elementor-element elementor-element-f8fa514\" data-id=\"f8fa514\" data-element_type=\"column\" data-e-type=\"column\">\n\t\t\t<div class=\"elementor-widget-wrap elementor-element-populated\">\n\t\t\t\t\t\t<div class=\"elementor-element elementor-element-8c4b36a elementor-widget elementor-widget-image\" data-id=\"8c4b36a\" data-element_type=\"widget\" data-e-type=\"widget\" data-widget_type=\"image.default\">\n\t\t\t\t<div class=\"elementor-widget-container\">\n\t\t\t\t\t\t\t\t\t\t\t\t\t\t\t<img fetchpriority=\"high\" decoding=\"async\" width=\"660\" height=\"482\" src=\"https:\/\/www.hariduskeskus.ee\/rahvusvaheline\/wp-content\/uploads\/2020\/06\/opiranne-1.jpg\" class=\"attachment-large size-large wp-image-2015\" alt=\"\" srcset=\"https:\/\/www.hariduskeskus.ee\/rahvusvaheline\/wp-content\/uploads\/2020\/06\/opiranne-1.jpg 660w, https:\/\/www.hariduskeskus.ee\/rahvusvaheline\/wp-content\/uploads\/2020\/06\/opiranne-1-300x219.jpg 300w, https:\/\/www.hariduskeskus.ee\/rahvusvaheline\/wp-content\/uploads\/2020\/06\/opiranne-1-585x427.jpg 585w\" sizes=\"(max-width: 660px) 100vw, 660px\" \/>\t\t\t\t\t\t\t\t\t\t\t\t\t\t\t<\/div>\n\t\t\t\t<\/div>\n\t\t\t\t\t<\/div>\n\t\t<\/div>\n\t\t\t\t\t<\/div>\n\t\t<\/section>\n\t\t\t\t<section class=\"penci-section penci-disSticky penci-structure-10 elementor-section elementor-top-section elementor-element elementor-element-7350e8e elementor-section-boxed elementor-section-height-default elementor-section-height-default\" data-id=\"7350e8e\" data-element_type=\"section\" data-e-type=\"section\">\n\t\t\t\t\t\t<div class=\"elementor-container elementor-column-gap-default\">\n\t\t\t\t\t<div class=\"penci-ercol-100 penci-ercol-order-1 penci-sticky-ct    elementor-column elementor-col-100 elementor-top-column elementor-element elementor-element-99ef60d\" data-id=\"99ef60d\" data-element_type=\"column\" data-e-type=\"column\">\n\t\t\t<div class=\"elementor-widget-wrap elementor-element-populated\">\n\t\t\t\t\t\t<div class=\"elementor-element elementor-element-749de08 elementor-widget elementor-widget-heading\" data-id=\"749de08\" data-element_type=\"widget\" data-e-type=\"widget\" data-widget_type=\"heading.default\">\n\t\t\t\t<div class=\"elementor-widget-container\">\n\t\t\t\t\t<h2 class=\"elementor-heading-title elementor-size-default\">Kuidas osaleda?<\/h2>\t\t\t\t<\/div>\n\t\t\t\t<\/div>\n\t\t\t\t<div class=\"elementor-element elementor-element-5430137 elementor-widget elementor-widget-text-editor\" data-id=\"5430137\" data-element_type=\"widget\" data-e-type=\"widget\" data-widget_type=\"text-editor.default\">\n\t\t\t\t<div class=\"elementor-widget-container\">\n\t\t\t\t\t\t\t\t\t<p>Osalemiseks kandideeri avalikult v\u00e4lja kuulutatud \u00f5pir\u00e4nde konkursil, mis toimub igal \u00f5ppeaastal ajavahemikul m\u00e4rts-aprill. Enne kandideerimist tutvu P\u00e4rnumaa Kutsehariduskeskuse haridust\u00f6\u00f6tajate \u00f5pir\u00e4ndes <a href=\"https:\/\/drive.google.com\/file\/d\/19fyFBZqlWw2OxRjIyGdcwP3vcw_SbQLb\/view?usp=sharing\"><strong><span style=\"color: #008000;\">osalemise tingimustega<\/span><\/strong><\/a><span style=\"color: #008000;\">.<\/span> Kandideerimise vorm on leitav <span style=\"color: #008000;\"><a style=\"color: #008000;\" href=\"https:\/\/www.hariduskeskus.ee\/rahvusvaheline\/kandideerimine\/\"><strong>SIIT<\/strong><\/a>.<\/span><br \/>\u00d5pir\u00e4ndes osalevad haridust\u00f6\u00f6tajad valitakse v\u00e4lja t\u00f6\u00f6taja motivatsioonist ja erialasest arenguvajadusest l\u00e4htuvalt koost\u00f6\u00f6s osakonnajuhatajaga. <br \/>Kui oled osutunud valituks, siis informeerib sind sellest projektijuht.<\/p>\t\t\t\t\t\t\t\t<\/div>\n\t\t\t\t<\/div>\n\t\t\t\t\t<\/div>\n\t\t<\/div>\n\t\t\t\t\t<\/div>\n\t\t<\/section>\n\t\t\t\t<\/div>\n\t\t","protected":false},"excerpt":{"rendered":"<p>\u00d5petajad \u00f5pir\u00e4ndamas Islandil november 19, 2020 T\u00f6\u00f6tajad Taanis Nordplusi programmiga \u00f5pir\u00e4ndamas november 19, 2020 T\u00f6\u00f6tajate grupimobiilsus Hispaaniasse, Bilbaosse november 18,&hellip;<\/p>\n","protected":false},"author":4,"featured_media":9346,"parent":0,"menu_order":0,"comment_status":"closed","ping_status":"closed","template":"","meta":{"_lmt_disableupdate":"","_lmt_disable":"","footnotes":""},"class_list":["post-1512","page","type-page","status-publish","has-post-thumbnail","hentry"],"_links":{"self":[{"href":"https:\/\/www.hariduskeskus.ee\/rahvusvaheline\/wp-json\/wp\/v2\/pages\/1512","targetHints":{"allow":["GET"]}}],"collection":[{"href":"https:\/\/www.hariduskeskus.ee\/rahvusvaheline\/wp-json\/wp\/v2\/pages"}],"about":[{"href":"https:\/\/www.hariduskeskus.ee\/rahvusvaheline\/wp-json\/wp\/v2\/types\/page"}],"author":[{"embeddable":true,"href":"https:\/\/www.hariduskeskus.ee\/rahvusvaheline\/wp-json\/wp\/v2\/users\/4"}],"replies":[{"embeddable":true,"href":"https:\/\/www.hariduskeskus.ee\/rahvusvaheline\/wp-json\/wp\/v2\/comments?post=1512"}],"version-history":[{"count":5,"href":"https:\/\/www.hariduskeskus.ee\/rahvusvaheline\/wp-json\/wp\/v2\/pages\/1512\/revisions"}],"predecessor-version":[{"id":5919,"href":"https:\/\/www.hariduskeskus.ee\/rahvusvaheline\/wp-json\/wp\/v2\/pages\/1512\/revisions\/5919"}],"wp:featuredmedia":[{"embeddable":true,"href":"https:\/\/www.hariduskeskus.ee\/rahvusvaheline\/wp-json\/wp\/v2\/media\/9346"}],"wp:attachment":[{"href":"https:\/\/www.hariduskeskus.ee\/rahvusvaheline\/wp-json\/wp\/v2\/media?parent=1512"}],"curies":[{"name":"wp","href":"https:\/\/api.w.org\/{rel}","templated":true}]}}