{"id":1507,"date":"2020-05-27T01:24:27","date_gmt":"2020-05-27T01:24:27","guid":{"rendered":"https:\/\/www.hariduskeskus.ee\/international\/?page_id=1507"},"modified":"2022-06-07T06:43:40","modified_gmt":"2022-06-07T06:43:40","slug":"opilaste-valispraktika","status":"publish","type":"page","link":"https:\/\/www.hariduskeskus.ee\/rahvusvaheline\/opilaste-valispraktika\/","title":{"rendered":"\u00d5pilaste v\u00e4lispraktika"},"content":{"rendered":"\t\t<div data-elementor-type=\"wp-page\" data-elementor-id=\"1507\" class=\"elementor elementor-1507\">\n\t\t\t\t\t\t<section class=\"penci-section penci-disSticky penci-structure-10 elementor-section elementor-top-section elementor-element elementor-element-a3a71d8 elementor-section-boxed elementor-section-height-default elementor-section-height-default\" data-id=\"a3a71d8\" data-element_type=\"section\" data-e-type=\"section\">\n\t\t\t\t\t\t<div class=\"elementor-container elementor-column-gap-default\">\n\t\t\t\t\t<div class=\"penci-ercol-100 penci-ercol-order-1 penci-sticky-ct    elementor-column elementor-col-100 elementor-top-column elementor-element elementor-element-8c83bf7\" data-id=\"8c83bf7\" data-element_type=\"column\" data-e-type=\"column\">\n\t\t\t<div class=\"elementor-widget-wrap elementor-element-populated\">\n\t\t\t\t\t\t<div class=\"elementor-element elementor-element-a7f4d31 elementor-widget elementor-widget-penci-popular-posts\" data-id=\"a7f4d31\" data-element_type=\"widget\" data-e-type=\"widget\" data-widget_type=\"penci-popular-posts.default\">\n\t\t\t\t<div class=\"elementor-widget-container\">\n\t\t\t\t\t            <div id=\"pencipopular_posts_87275\" class=\"penci-popular-posts-sc\">\n                <div class=\"penci-home-popular-posts use-heading-default\">\n\t\t\t\t\t\n                    <div class=\"swiper penci-owl-carousel penci-owl-carousel-slider penci-related-carousel penci-home-popular-post\"                         data-lazy=\"true\" data-item=\"4\" data-desktop=\"4\"\n                         data-tablet=\"3\" data-tabsmall=\"2\" data-auto=\"false\" data-speed=\"300\"\n                         data-dots=\"true\" data-nav=\"false\">\n                        <div class=\"swiper-wrapper\">\n\t\t\t\t\t\t\t                                <div class=\"item-related swiper-slide\">\n                                    <div class=\"item-related-inner\">\n\t\t\t\t\t\t\t\t\t\t\t\t\t\t\t\t\t\t\t\t\t\n                                            <a  data-bgset=\"https:\/\/www.hariduskeskus.ee\/rahvusvaheline\/wp-content\/uploads\/2026\/04\/BELONGtoEU_Logo_1-585x390.png\"                                                    class=\"penci-lazy related-thumb penci-image-holder penci-lazy\"\n                                                    href=\"https:\/\/www.hariduskeskus.ee\/rahvusvaheline\/belongtoeu\/\"\n                                                    title=\"BELONGtoEU \u2013 Euroopa \u00f5piv\u00f5imaluste ja koost\u00f6\u00f6v\u00f5rgustike loomine kutsehariduse arendamiseks\">\n\n\t\t\t\t\t\t\t\t\t\t\t\t\n\t\t\t\t\t\t\t\t\t\t\t\t                                            <\/a>\n\t\t\t\t\t\t\t\t\t\t\n                                        <h3><a title=\"BELONGtoEU \u2013 Euroopa \u00f5piv\u00f5imaluste ja koost\u00f6\u00f6v\u00f5rgustike loomine kutsehariduse arendamiseks\"\n                                               href=\"https:\/\/www.hariduskeskus.ee\/rahvusvaheline\/belongtoeu\/\">BELONGtoEU \u2013 Euroopa \u00f5piv\u00f5imaluste ja koost\u00f6\u00f6v\u00f5rgustike loomine kutsehariduse arendamiseks<\/a>\n                                        <\/h3>\n\t\t\t\t\t\t\t\t\t\t                                            <span class=\"date\"><time class=\"entry-date published\" datetime=\"2026-04-28T10:40:27+00:00\">April 28, 2026<\/time><\/span>\n\t\t\t\t\t\t\t\t\t\t                                    <\/div>\n                                <\/div>\n\t\t\t\t\t\t\t                                <div class=\"item-related swiper-slide\">\n                                    <div class=\"item-related-inner\">\n\t\t\t\t\t\t\t\t\t\t\t\t\t\t\t\t\t\t\t\t\t\n                                            <a  data-bgset=\"https:\/\/www.hariduskeskus.ee\/rahvusvaheline\/wp-content\/uploads\/2026\/02\/Edumob-585x390.jpg\"                                                    class=\"penci-lazy related-thumb penci-image-holder penci-lazy\"\n                                                    href=\"https:\/\/www.hariduskeskus.ee\/rahvusvaheline\/edumobility-2-0-bridging-vet-education-and-next-gen-autonomous-vehicles\/\"\n                                                    title=\"EduMobility 2.0: Bridging VET education and next-gen autonomous vehicles\">\n\n\t\t\t\t\t\t\t\t\t\t\t\t\n\t\t\t\t\t\t\t\t\t\t\t\t                                            <\/a>\n\t\t\t\t\t\t\t\t\t\t\n                                        <h3><a title=\"EduMobility 2.0: Bridging VET education and next-gen autonomous vehicles\"\n                                               href=\"https:\/\/www.hariduskeskus.ee\/rahvusvaheline\/edumobility-2-0-bridging-vet-education-and-next-gen-autonomous-vehicles\/\">EduMobility 2.0: Bridging VET education and next-gen autonomous vehicles<\/a>\n                                        <\/h3>\n\t\t\t\t\t\t\t\t\t\t                                            <span class=\"date\"><time class=\"entry-date published\" datetime=\"2026-02-25T11:33:09+00:00\">February 25, 2026<\/time><\/span>\n\t\t\t\t\t\t\t\t\t\t                                    <\/div>\n                                <\/div>\n\t\t\t\t\t\t\t                                <div class=\"item-related swiper-slide\">\n                                    <div class=\"item-related-inner\">\n\t\t\t\t\t\t\t\t\t\t\t\t\t\t\t\t\t\t\t\t\t\n                                            <a  data-bgset=\"https:\/\/www.hariduskeskus.ee\/rahvusvaheline\/wp-content\/uploads\/2025\/04\/PKHK-logo-1-512x390.png\"                                                    class=\"penci-lazy related-thumb penci-image-holder penci-lazy\"\n                                                    href=\"https:\/\/www.hariduskeskus.ee\/rahvusvaheline\/international-week-registration\/\"\n                                                    title=\"International Week from 9th of March until 13th of March 2026 registration is now OPEN!\">\n\n\t\t\t\t\t\t\t\t\t\t\t\t\n\t\t\t\t\t\t\t\t\t\t\t\t                                            <\/a>\n\t\t\t\t\t\t\t\t\t\t\n                                        <h3><a title=\"International Week from 9th of March until 13th of March 2026 registration is now OPEN!\"\n                                               href=\"https:\/\/www.hariduskeskus.ee\/rahvusvaheline\/international-week-registration\/\">International Week from 9th of March until 13th of March...<\/a>\n                                        <\/h3>\n\t\t\t\t\t\t\t\t\t\t                                            <span class=\"date\"><time class=\"entry-date published\" datetime=\"2025-09-05T08:36:43+00:00\">September 5, 2025<\/time><\/span>\n\t\t\t\t\t\t\t\t\t\t                                    <\/div>\n                                <\/div>\n\t\t\t\t\t\t\t                                <div class=\"item-related swiper-slide\">\n                                    <div class=\"item-related-inner\">\n\t\t\t\t\t\t\t\t\t\t\t\t\t\t\t\t\t\t\t\t\t\n                                            <a  data-bgset=\"https:\/\/www.hariduskeskus.ee\/rahvusvaheline\/wp-content\/uploads\/2025\/05\/947c8503-2d8f-4449-b554-f53bacba34e9-e1746207161265-585x390.jpg\"                                                    class=\"penci-lazy related-thumb penci-image-holder penci-lazy\"\n                                                    href=\"https:\/\/www.hariduskeskus.ee\/rahvusvaheline\/hollandi-eesti-kokanduse-meistriklass-parnumaa-kutsehariduskeskuses-toi-uue-maitseelamuse\/\"\n                                                    title=\"Hollandi-Eesti kokanduse meistriklass P\u00e4rnumaa Kutsehariduskeskuses t\u00f5i uued teadmised ja maitseelamused\">\n\n\t\t\t\t\t\t\t\t\t\t\t\t\n\t\t\t\t\t\t\t\t\t\t\t\t                                            <\/a>\n\t\t\t\t\t\t\t\t\t\t\n                                        <h3><a title=\"Hollandi-Eesti kokanduse meistriklass P\u00e4rnumaa Kutsehariduskeskuses t\u00f5i uued teadmised ja maitseelamused\"\n                                               href=\"https:\/\/www.hariduskeskus.ee\/rahvusvaheline\/hollandi-eesti-kokanduse-meistriklass-parnumaa-kutsehariduskeskuses-toi-uue-maitseelamuse\/\">Hollandi-Eesti kokanduse meistriklass P\u00e4rnumaa Kutsehariduskeskuses t\u00f5i uued teadmised ja maitseelamused<\/a>\n                                        <\/h3>\n\t\t\t\t\t\t\t\t\t\t                                            <span class=\"date\"><time class=\"entry-date published\" datetime=\"2025-05-02T13:56:47+00:00\">May 2, 2025<\/time><\/span>\n\t\t\t\t\t\t\t\t\t\t                                    <\/div>\n                                <\/div>\n\t\t\t\t\t\t\t                                <div class=\"item-related swiper-slide\">\n                                    <div class=\"item-related-inner\">\n\t\t\t\t\t\t\t\t\t\t\t\t\t\t\t\t\t\t\t\t\t\n                                            <a  data-bgset=\"https:\/\/www.hariduskeskus.ee\/rahvusvaheline\/wp-content\/uploads\/2025\/04\/Opiranne-ootab-470x390.png\"                                                    class=\"penci-lazy related-thumb penci-image-holder penci-lazy\"\n                                                    href=\"https:\/\/www.hariduskeskus.ee\/rahvusvaheline\/kandideeri-erasmus-opirandesse-kuni-11-maini\/\"\n                                                    title=\"Kandideeri Erasmus+ \u00f5pir\u00e4ndesse kuni 11. maini!\">\n\n\t\t\t\t\t\t\t\t\t\t\t\t\n\t\t\t\t\t\t\t\t\t\t\t\t                                            <\/a>\n\t\t\t\t\t\t\t\t\t\t\n                                        <h3><a title=\"Kandideeri Erasmus+ \u00f5pir\u00e4ndesse kuni 11. maini!\"\n                                               href=\"https:\/\/www.hariduskeskus.ee\/rahvusvaheline\/kandideeri-erasmus-opirandesse-kuni-11-maini\/\">Kandideeri Erasmus+ \u00f5pir\u00e4ndesse kuni 11. maini!<\/a>\n                                        <\/h3>\n\t\t\t\t\t\t\t\t\t\t                                            <span class=\"date\"><time class=\"entry-date published\" datetime=\"2025-04-17T08:30:24+00:00\">April 17, 2025<\/time><\/span>\n\t\t\t\t\t\t\t\t\t\t                                    <\/div>\n                                <\/div>\n\t\t\t\t\t\t\t                                <div class=\"item-related swiper-slide\">\n                                    <div class=\"item-related-inner\">\n\t\t\t\t\t\t\t\t\t\t\t\t\t\t\t\t\t\t\t\t\t\n                                            <a  data-bgset=\"https:\/\/www.hariduskeskus.ee\/rahvusvaheline\/wp-content\/uploads\/2025\/04\/PXL_20250320_132643726.MP_-585x390.jpg\"                                                    class=\"penci-lazy related-thumb penci-image-holder penci-lazy\"\n                                                    href=\"https:\/\/www.hariduskeskus.ee\/rahvusvaheline\/belgia-pagarikunst-joudis-parnusse-jelle-de-groofi-meistriklass\/\"\n                                                    title=\"Belgia pagarikunst j\u00f5udis P\u00e4rnusse: Jelle De Groofi meistriklass\">\n\n\t\t\t\t\t\t\t\t\t\t\t\t\n\t\t\t\t\t\t\t\t\t\t\t\t                                            <\/a>\n\t\t\t\t\t\t\t\t\t\t\n                                        <h3><a title=\"Belgia pagarikunst j\u00f5udis P\u00e4rnusse: Jelle De Groofi meistriklass\"\n                                               href=\"https:\/\/www.hariduskeskus.ee\/rahvusvaheline\/belgia-pagarikunst-joudis-parnusse-jelle-de-groofi-meistriklass\/\">Belgia pagarikunst j\u00f5udis P\u00e4rnusse: Jelle De Groofi meistriklass<\/a>\n                                        <\/h3>\n\t\t\t\t\t\t\t\t\t\t                                            <span class=\"date\"><time class=\"entry-date published\" datetime=\"2025-04-08T09:57:30+00:00\">April 8, 2025<\/time><\/span>\n\t\t\t\t\t\t\t\t\t\t                                    <\/div>\n                                <\/div>\n\t\t\t\t\t\t\t                        <\/div>\n                    <\/div>\n                <\/div>\n            <\/div><!-- penci-popular_posts-sc -->\n\t\t\t\t\t\t\t<\/div>\n\t\t\t\t<\/div>\n\t\t\t\t\t<\/div>\n\t\t<\/div>\n\t\t\t\t\t<\/div>\n\t\t<\/section>\n\t\t\t\t<section class=\"penci-section penci-disSticky penci-structure-20 elementor-section elementor-top-section elementor-element elementor-element-1f38329 elementor-section-boxed elementor-section-height-default elementor-section-height-default\" data-id=\"1f38329\" data-element_type=\"section\" data-e-type=\"section\">\n\t\t\t\t\t\t<div class=\"elementor-container elementor-column-gap-default\">\n\t\t\t\t\t<div class=\"penci-ercol-50 penci-ercol-order-1 penci-sticky-ct    elementor-column elementor-col-50 elementor-top-column elementor-element elementor-element-cc0f346\" data-id=\"cc0f346\" data-element_type=\"column\" data-e-type=\"column\">\n\t\t\t<div class=\"elementor-widget-wrap elementor-element-populated\">\n\t\t\t\t\t\t<div class=\"elementor-element elementor-element-9191fa8 elementor-widget elementor-widget-heading\" data-id=\"9191fa8\" data-element_type=\"widget\" data-e-type=\"widget\" data-widget_type=\"heading.default\">\n\t\t\t\t<div class=\"elementor-widget-container\">\n\t\t\t\t\t<h2 class=\"elementor-heading-title elementor-size-default\">Mis on Erasmus+ programm?<\/h2>\t\t\t\t<\/div>\n\t\t\t\t<\/div>\n\t\t\t\t<div class=\"elementor-element elementor-element-a4b363f elementor-widget elementor-widget-text-editor\" data-id=\"a4b363f\" data-element_type=\"widget\" data-e-type=\"widget\" data-widget_type=\"text-editor.default\">\n\t\t\t\t<div class=\"elementor-widget-container\">\n\t\t\t\t\t\t\t\t\t<p>Programmi raames on v\u00f5imalik P\u00e4rnumaa Kutsehariduskeskuse \u00f5pilastel oma \u00f5ppekavas sisalduv praktika sooritada v\u00e4lisriigi ettev\u00f5ttes.<br \/>\u00d5ppepraktika kestus on reeglina \u00fcks kuu. Erasmus+ rahastus katab \u00f5pilase reisikulud, majutuse ja elamisrahad kogu \u00f5pir\u00e4nde perioodi jooksul.<br \/>Lisaks erialasele praktikale on \u00f5pir\u00e4ndes osalemine suurep\u00e4rane viis v\u00f5\u00f5rkeelte praktiseerimiseks, oma silmaringi laiendamiseks, teiste maade (t\u00f6\u00f6)kultuuriga tutvumiseks ning uute tutvuste leidmiseks.<\/p><p><strong>Kestvus<\/strong><\/p><ul><li>Erasmus+ l\u00fchiajaline \u00f5pir\u00e4nne &#8211; kestvus 1 kuu<\/li><li>Erasmus+ PRO pikaajaline \u00f5pir\u00e4nne &#8211; kestvus 3 kuud<\/li><\/ul><p>Kandideerimise avanemisest teavitatakse r\u00fchmajuhatajaid, samuti jookseb info sotsiaalmeedias ja kooli infokanalites. <span style=\"color: #008000;\"><strong><a style=\"color: #008000;\" href=\"https:\/\/www.hariduskeskus.ee\/rahvusvaheline\/kandideerimine\/\">Kandideerimine<\/a><\/strong><\/span> j\u00e4rgmise \u00f5ppeaasta v\u00e4lispraktikale toimub kooli kodulehe kaudu m\u00e4rtsist aprillini.<\/p><p><strong>Sobivad osalejad<\/strong><\/p><ul><li>kutse\u00f5ppeasutuste taseme\u00f5ppe \u00f5pilased (sh t\u00f6\u00f6kohap\u00f5hised \u00f5ppurid);<\/li><li>kutse\u00f5ppeasutuse l\u00f5petanud \u2013 \u00f5pir\u00e4nne peab toimuma \u00fche aasta jooksul p\u00e4rast l\u00f5petamist.<\/li><\/ul><p><strong>P\u00f5hjused, miks kandideerida:\u00a0<\/strong><\/p><ul><li>kogemus terveks eluks;<\/li><li>silmaringi laiendamine;<\/li><li>keeleline ettevalmistus enne v\u00e4lispraktikale suundumist;<\/li><li>k\u00f5ik osalejad saavad Europassi \u00f5pir\u00e4nde tunnistuse, mis on rahvusvaheliselt kehtiv tunnistus ja annab t\u00f6\u00f6turule sisenemisel eelise;<\/li><li>\u00f5pir\u00e4nde ettevalmistuse korraldusliku poolega tegelevad P\u00e4rnumaa Kutsehariduskeskuse projektijuhid (lennupiletid, majutus, praktikaettev\u00f5tte leidmine sihtriigis);<\/li><li>erialase \u00f5ppe toetamine l\u00e4bi praktilise t\u00f6\u00f6kogemuse v\u00e4lismaal;<\/li><li>praktika sooritamine teises kultuuris toob kaasa uued v\u00f5imalused ja v\u00e4ljakutsed, tutvused ja s\u00f5brad mitmetuhande kilomeetri kauguselt.<\/li><\/ul><p><strong>Kandideerimistingimused\u00a0<\/strong><\/p><p>Kui tunned, et v\u00e4lispraktika on midagi Sinu jaoks, siis tutvu<strong> <a href=\"https:\/\/drive.google.com\/file\/d\/1U7ibmZg3tnXLJn_GE2XL8CB5fN0AMrgb\/view?usp=sharing\"><span style=\"color: #008000;\">kandideerimise tingimustega<\/span><\/a><\/strong><span style=\"color: #008000;\">.<\/span><\/p><p><strong>Kui oled osutunud valituks\u2026<\/strong><\/p><p>\u2026v\u00f5tab projektijuht Sinuga \u00fchendust ja r\u00e4\u00e4gib t\u00e4psemalt, mis hakkab edasi toimuma (sihtriigi ja praktikakoha valimine, dokumentatsioon, reisi korraldamine ning kultuuriline, keeleline ja ps\u00fchholoogiline ettevalmistus). Projektijuht suhtleb samuti eriala\u00f5petajatega ja vastuv\u00f5tva organisatsiooniga, kellega koost\u00f6\u00f6s toimub \u00f5ppepraktika ettevalmistamine vastavalt \u00f5piv\u00e4ljunditele.<br \/>Reisipiletite, kindlustuse ja majutuskoha leidmise eest hoolitseb koolipoolne projektijuht.<br \/>Sinu kui \u00f5pir\u00e4nduri kohustuseks on tutvuda <a href=\"https:\/\/drive.google.com\/file\/d\/1TJUBFFjs5xYMq9maxilL5LmU7AdAcKuO\/view?usp=sharing\"><strong><span style=\"color: #008000;\">PKHK juhendiga<\/span><\/strong><\/a><span style=\"color: #008000;\">,<\/span> kus on kirjeldatud olulised tegevused enne \u00f5pir\u00e4nde algust.<br \/>Erasmus+ programmis on etten\u00e4htud toetus, mis katab v\u00e4lispraktikaga seotud ettevalmistus-, elamis- ja reisikulud. Toetuse suurus s\u00f5ltub praktikakoha sihtriigist ja kestvusest. Osalejaga s\u00f5lmitakse Erasmus+ toetuse kasutamise leping, kus on muuhulgas kirjas praktika aeg, toetuse summa ja maksmise tingimused.<br \/>Vahetult enne \u00f5pir\u00e4nnet toimub kohtumine projektijuhiga, kes annab Sulle t\u00e4ieliku \u00fclevaate \u00f5pir\u00e4ndest (reis, majutus, praktikakoht, kontaktisikute info) ning kogu vajaliku dokumentatsiooni.<\/p><p><strong>\u00d5pir\u00e4ndes olles<\/strong><\/p><p>Sihtriiki j\u00f5udes ootab Sind lennujaamas vastuv\u00f5tva partneri kontaktisik v\u00f5i oled saanud detailsed juhised, kuidas j\u00f5uda majutuskohta. J\u00e4rgnevatel p\u00e4evadel toimub kohtumine vastuv\u00f5tva partneri kontaktisikuga, kes annab \u00fclevaate kohapealsest praktika korraldusest ning tutvustab vastuv\u00f5tvat organisatsiooni ja kohaliku piirkonna erip\u00e4rasid ning kultuuri, annab \u00fclevaate igap\u00e4evaseks eluks vajalikest teenustest. Samuti toimub praktikakoha k\u00fclastus, kus \u00f5pilane kohtub oma praktikapoolse juhendajaga.<br \/>V\u00e4lispraktikal olles toimub igan\u00e4dalaselt tagasiside andmine koolipoolsele projektijuhile. Parima \u00f5pir\u00e4nde kogemuse saamiseks tutvu<strong> <span style=\"color: #008000;\"><a style=\"color: #008000;\" href=\"https:\/\/drive.google.com\/file\/d\/1POK_N3eGLPPb27Li4FOjNZKrMGvWKjQh\/view?usp=sharing\">soovitustega<\/a><\/span><\/strong><span style=\"color: #008000;\">,<\/span> kuidas teises kultuuriruumis hakkama saada.\u00a0 Kui praktikal olles pole sul t\u00f6\u00f6ks vajalikke vahendeid, praktika\u00fclesanded ei vasta varem kokkulepitud \u00f5piv\u00e4ljunditele v\u00f5i kui asjad ei suju nii nagu vaja, v\u00f5ta koheselt \u00fchendust oma projektijuhiga.<\/p><p><strong>Peale \u00f5pir\u00e4nnet\u00a0<\/strong><\/p><p>Kui oled turvaliselt ja \u00f5nnelikult \u00f5pir\u00e4ndest tagasi, ootab projektijuht Sind kokku lepitud ajal koos k\u00f5ikide lepingute, aruannete ja kuludokumentidega enda juurde. Selleks ajaks peab sul olema t\u00e4idetud Erasmus+ \u00f5pir\u00e4nde tagasiside k\u00fcsimustik ning koostatud praktika <span style=\"color: #008000;\"><strong><a style=\"color: #008000;\" href=\"https:\/\/drive.google.com\/file\/d\/12vN7cJS3Mnzm5NYpgW96PqS9JlgxS-TL\/view?usp=sharing\">kokkuv\u00f5te<\/a>\/<a style=\"color: #008000;\" href=\"https:\/\/drive.google.com\/file\/d\/1sRUagbK84mimYV0FPp4S3wCAyTcnBXzx\/view?usp=sharing\">vlogi<\/a><\/strong>.<\/span><br \/>Peale \u00f5pir\u00e4nnet saad endale Europass \u00f5pir\u00e4nde tunnistuse, kus on kirjas saavutatud \u00f5piv\u00e4ljundid ning v\u00f5tmep\u00e4devused. Rohkem infot Europass \u00f5pir\u00e4nde tunnistuse kohta leiad <span style=\"color: #008000;\"><strong><a style=\"color: #008000;\" href=\"https:\/\/europa.eu\/europass\/et\/europass-mobility\">siit<\/a><\/strong>.<\/span> Loe ka l\u00e4bi<strong> <span style=\"color: #008000;\"><a style=\"color: #008000;\" href=\"https:\/\/drive.google.com\/file\/d\/1QbtLFvyRH_oftCLN1I_y-f4WlsvqIluL\/view?usp=sharing\">juhend<\/a><\/span><\/strong><span style=\"color: #008000;\">,<\/span> mida Sinult veel peale \u00f5pir\u00e4nnet oodatakse.<\/p><p><strong>Haara v\u00f5imalusest \u2013 kandideeri Erasmus+ programmiga \u00f5pir\u00e4ndesse!<\/strong><\/p>\t\t\t\t\t\t\t\t<\/div>\n\t\t\t\t<\/div>\n\t\t\t\t\t<\/div>\n\t\t<\/div>\n\t\t\t\t<div class=\"penci-ercol-50 penci-ercol-order-2 penci-sticky-ct    elementor-column elementor-col-50 elementor-top-column elementor-element elementor-element-12d08a4\" data-id=\"12d08a4\" data-element_type=\"column\" data-e-type=\"column\">\n\t\t\t<div class=\"elementor-widget-wrap elementor-element-populated\">\n\t\t\t\t\t\t<div class=\"elementor-element elementor-element-726acb8 elementor-widget elementor-widget-video\" data-id=\"726acb8\" data-element_type=\"widget\" data-e-type=\"widget\" data-settings=\"{&quot;youtube_url&quot;:&quot;https:\\\/\\\/youtu.be\\\/YUKpDBTE2lk&quot;,&quot;video_type&quot;:&quot;youtube&quot;,&quot;controls&quot;:&quot;yes&quot;}\" data-widget_type=\"video.default\">\n\t\t\t\t<div class=\"elementor-widget-container\">\n\t\t\t\t\t\t\t<div class=\"elementor-wrapper elementor-open-inline\">\n\t\t\t<div class=\"elementor-video\"><\/div>\t\t<\/div>\n\t\t\t\t\t\t<\/div>\n\t\t\t\t<\/div>\n\t\t\t\t<div class=\"elementor-element elementor-element-91acf9e elementor-widget elementor-widget-video\" data-id=\"91acf9e\" data-element_type=\"widget\" data-e-type=\"widget\" data-settings=\"{&quot;youtube_url&quot;:&quot;https:\\\/\\\/youtu.be\\\/AZHcGr6kvto&quot;,&quot;video_type&quot;:&quot;youtube&quot;,&quot;controls&quot;:&quot;yes&quot;}\" data-widget_type=\"video.default\">\n\t\t\t\t<div class=\"elementor-widget-container\">\n\t\t\t\t\t\t\t<div class=\"elementor-wrapper elementor-open-inline\">\n\t\t\t<div class=\"elementor-video\"><\/div>\t\t<\/div>\n\t\t\t\t\t\t<\/div>\n\t\t\t\t<\/div>\n\t\t\t\t<div class=\"elementor-element elementor-element-b7a3c6a elementor-widget elementor-widget-video\" data-id=\"b7a3c6a\" data-element_type=\"widget\" data-e-type=\"widget\" data-settings=\"{&quot;youtube_url&quot;:&quot;https:\\\/\\\/youtu.be\\\/wxKyXWNHZzU&quot;,&quot;video_type&quot;:&quot;youtube&quot;,&quot;controls&quot;:&quot;yes&quot;}\" data-widget_type=\"video.default\">\n\t\t\t\t<div class=\"elementor-widget-container\">\n\t\t\t\t\t\t\t<div class=\"elementor-wrapper elementor-open-inline\">\n\t\t\t<div class=\"elementor-video\"><\/div>\t\t<\/div>\n\t\t\t\t\t\t<\/div>\n\t\t\t\t<\/div>\n\t\t\t\t<div class=\"elementor-element elementor-element-df3741f elementor-widget elementor-widget-video\" data-id=\"df3741f\" data-element_type=\"widget\" data-e-type=\"widget\" data-settings=\"{&quot;youtube_url&quot;:&quot;https:\\\/\\\/youtu.be\\\/0GDKH6IY_rM&quot;,&quot;video_type&quot;:&quot;youtube&quot;,&quot;controls&quot;:&quot;yes&quot;}\" data-widget_type=\"video.default\">\n\t\t\t\t<div class=\"elementor-widget-container\">\n\t\t\t\t\t\t\t<div class=\"elementor-wrapper elementor-open-inline\">\n\t\t\t<div class=\"elementor-video\"><\/div>\t\t<\/div>\n\t\t\t\t\t\t<\/div>\n\t\t\t\t<\/div>\n\t\t\t\t<div class=\"elementor-element elementor-element-4a7d3a4 elementor-widget elementor-widget-image\" data-id=\"4a7d3a4\" data-element_type=\"widget\" data-e-type=\"widget\" data-widget_type=\"image.default\">\n\t\t\t\t<div class=\"elementor-widget-container\">\n\t\t\t\t\t\t\t\t\t\t\t\t\t\t\t<img fetchpriority=\"high\" decoding=\"async\" width=\"660\" height=\"482\" src=\"https:\/\/www.hariduskeskus.ee\/rahvusvaheline\/wp-content\/uploads\/2020\/06\/opiranne-1.jpg\" class=\"attachment-large size-large wp-image-2015\" alt=\"\" srcset=\"https:\/\/www.hariduskeskus.ee\/rahvusvaheline\/wp-content\/uploads\/2020\/06\/opiranne-1.jpg 660w, https:\/\/www.hariduskeskus.ee\/rahvusvaheline\/wp-content\/uploads\/2020\/06\/opiranne-1-300x219.jpg 300w, https:\/\/www.hariduskeskus.ee\/rahvusvaheline\/wp-content\/uploads\/2020\/06\/opiranne-1-585x427.jpg 585w\" sizes=\"(max-width: 660px) 100vw, 660px\" \/>\t\t\t\t\t\t\t\t\t\t\t\t\t\t\t<\/div>\n\t\t\t\t<\/div>\n\t\t\t\t\t<\/div>\n\t\t<\/div>\n\t\t\t\t\t<\/div>\n\t\t<\/section>\n\t\t\t\t<\/div>\n\t\t","protected":false},"excerpt":{"rendered":"<p>\u00d5petajad \u00f5pir\u00e4ndamas Islandil november 19, 2020 T\u00f6\u00f6tajad Taanis Nordplusi programmiga \u00f5pir\u00e4ndamas november 19, 2020 T\u00f6\u00f6tajate grupimobiilsus Hispaaniasse, Bilbaosse november 18,&hellip;<\/p>\n","protected":false},"author":4,"featured_media":9346,"parent":0,"menu_order":0,"comment_status":"closed","ping_status":"closed","template":"","meta":{"_lmt_disableupdate":"","_lmt_disable":"","footnotes":""},"class_list":["post-1507","page","type-page","status-publish","has-post-thumbnail","hentry"],"_links":{"self":[{"href":"https:\/\/www.hariduskeskus.ee\/rahvusvaheline\/wp-json\/wp\/v2\/pages\/1507","targetHints":{"allow":["GET"]}}],"collection":[{"href":"https:\/\/www.hariduskeskus.ee\/rahvusvaheline\/wp-json\/wp\/v2\/pages"}],"about":[{"href":"https:\/\/www.hariduskeskus.ee\/rahvusvaheline\/wp-json\/wp\/v2\/types\/page"}],"author":[{"embeddable":true,"href":"https:\/\/www.hariduskeskus.ee\/rahvusvaheline\/wp-json\/wp\/v2\/users\/4"}],"replies":[{"embeddable":true,"href":"https:\/\/www.hariduskeskus.ee\/rahvusvaheline\/wp-json\/wp\/v2\/comments?post=1507"}],"version-history":[{"count":5,"href":"https:\/\/www.hariduskeskus.ee\/rahvusvaheline\/wp-json\/wp\/v2\/pages\/1507\/revisions"}],"predecessor-version":[{"id":5922,"href":"https:\/\/www.hariduskeskus.ee\/rahvusvaheline\/wp-json\/wp\/v2\/pages\/1507\/revisions\/5922"}],"wp:featuredmedia":[{"embeddable":true,"href":"https:\/\/www.hariduskeskus.ee\/rahvusvaheline\/wp-json\/wp\/v2\/media\/9346"}],"wp:attachment":[{"href":"https:\/\/www.hariduskeskus.ee\/rahvusvaheline\/wp-json\/wp\/v2\/media?parent=1507"}],"curies":[{"name":"wp","href":"https:\/\/api.w.org\/{rel}","templated":true}]}}